{"id":5890,"date":"2022-04-23T15:04:28","date_gmt":"2022-04-23T13:04:28","guid":{"rendered":"http:\/\/www.caiferrara.it\/wp\/?page_id=5890"},"modified":"2022-12-21T15:29:26","modified_gmt":"2022-12-21T14:29:26","slug":"gruppo-seniores-2022","status":"publish","type":"page","link":"https:\/\/www.caiferrara.it\/wp\/gruppo-seniores-2022\/","title":{"rendered":"Gruppo Seniores 2022"},"content":{"rendered":"<p><em>Il Gruppo Seniores sono quelli del gioved\u00ec, cos\u00ec ci chiamiamo fra di noi&#8230;quelli che possono fare una escursione fra settimana, quelli che si prendono un giorno di ferie di gioved\u00ec, quelli a cui piace la tranquillit\u00e0 e posti meno affollati, quelli a cui piace la compagnia e le battute non mancano&#8230;cos\u00ec siamo noi, quelli del gioved\u00ec.<\/em><\/p>\n<p><a href=\"http:\/\/www.caiferrara.it\/wp\/wp-content\/uploads\/2022\/05\/P1160863-2-scaled.jpg\"><img loading=\"lazy\" class=\"alignnone size-full wp-image-6276\" src=\"http:\/\/www.caiferrara.it\/wp\/wp-content\/uploads\/2022\/05\/P1160863-2-scaled.jpg\" alt=\"\" width=\"2560\" height=\"1188\" srcset=\"https:\/\/www.caiferrara.it\/wp\/wp-content\/uploads\/2022\/05\/P1160863-2-scaled.jpg 2560w, https:\/\/www.caiferrara.it\/wp\/wp-content\/uploads\/2022\/05\/P1160863-2-scaled-300x139.jpg 300w, https:\/\/www.caiferrara.it\/wp\/wp-content\/uploads\/2022\/05\/P1160863-2-scaled-1024x475.jpg 1024w, https:\/\/www.caiferrara.it\/wp\/wp-content\/uploads\/2022\/05\/P1160863-2-768x356.jpg 768w, https:\/\/www.caiferrara.it\/wp\/wp-content\/uploads\/2022\/05\/P1160863-2-scaled-1536x713.jpg 1536w, https:\/\/www.caiferrara.it\/wp\/wp-content\/uploads\/2022\/05\/P1160863-2-scaled-2048x950.jpg 2048w, https:\/\/www.caiferrara.it\/wp\/wp-content\/uploads\/2022\/05\/P1160863-2-scaled-1320x613.jpg 1320w\" sizes=\"(max-width: 2560px) 100vw, 2560px\" \/><\/a><strong><a href=\"http:\/\/www.caiferrara.it\/wp\/wp-content\/uploads\/2022\/04\/hiker-01.gif\"><img loading=\"lazy\" class=\"wp-image-5892 aligncenter\" src=\"http:\/\/www.caiferrara.it\/wp\/wp-content\/uploads\/2022\/04\/hiker-01.gif\" alt=\"\" width=\"130\" height=\"161\" \/><\/a><\/strong><\/p>\n<p>&nbsp;<\/p>\n<table style=\"height: 226px; width: 99.55%; border-collapse: collapse; border-style: solid; border-color: #1b02f7;\">\n<tbody>\n<tr style=\"height: 24px;\">\n<td style=\"width: 18.3166%; height: 24px;\"><strong>\u00a02022<\/strong><\/td>\n<td style=\"width: 31.7673%; height: 24px;\"><strong>\u00a0Programma &#8211; locandina<\/strong><\/td>\n<td style=\"width: 10.9877%; height: 24px;\">iscrizioni\u00a0<\/td>\n<td style=\"width: 11.1578%; height: 24px;\">foto<\/td>\n<td style=\"width: 11.1578%; height: 24px;\">siamo stati a&#8230;<\/td>\n<\/tr>\n<tr style=\"height: 10px;\">\n<td style=\"width: 18.3166%; height: 10px;\"><strong>\u00a0<\/strong><\/td>\n<td style=\"width: 31.7673%; height: 10px;\"><strong>\u00a0<\/strong><\/td>\n<td style=\"width: 10.9877%; height: 10px;\">\u00a0<\/td>\n<td style=\"width: 11.1578%; height: 10px;\">\u00a0<\/td>\n<td style=\"width: 11.1578%; height: 10px;\">\u00a0<\/td>\n<\/tr>\n<tr style=\"height: 24px;\">\n<td style=\"width: 18.3166%; height: 24px;\" width=\"147\"><strong>giov. 10 marzo<\/strong><\/td>\n<td style=\"width: 31.7673%; height: 24px;\" width=\"242\"><a href=\"http:\/\/www.caiferrara.it\/wp\/wp-content\/uploads\/2022\/01\/Passo-Rolle-10.03.2022-scaled.jpg\"><strong>Ciaspolata Passo Rolle<\/strong><\/a><\/td>\n<td style=\"width: 10.9877%; height: 24px;\">1 marzo<\/td>\n<td style=\"width: 11.1578%; height: 24px;\"><a href=\"http:\/\/www.caiferrara.it\/wp\/gruppo-seniores-2022\/gruppo-seniores-slideshow-ciaspolata-passo-rolle\/\">slideshow <\/a><\/td>\n<td style=\"width: 11.1578%; height: 24px;\">\u00a0<\/td>\n<\/tr>\n<tr style=\"height: 24px;\">\n<td style=\"width: 18.3166%; height: 24px;\"><strong>giov. 7 aprile<\/strong><\/td>\n<td style=\"width: 31.7673%; height: 24px;\"><a href=\"http:\/\/www.caiferrara.it\/wp\/wp-content\/uploads\/2022\/04\/009b-scaled.jpg\"><b>Gita fuoriporta Ostellato<\/b><\/a><\/td>\n<td style=\"width: 10.9877%; height: 24px;\">7 aprile\u00a0<\/td>\n<td style=\"width: 11.1578%; height: 24px;\"><a href=\"http:\/\/www.caiferrara.it\/wp\/gruppo-seniores-2022\/gruppo-seniores-2022-slideshow-ostellato\/\">slideshow\u00a0<\/a><\/td>\n<td style=\"width: 11.1578%; height: 24px;\">\u00a0<\/td>\n<\/tr>\n<tr style=\"height: 24px;\">\n<td style=\"width: 18.3166%; height: 24px;\"><strong>giov. 21 aprile<\/strong><\/td>\n<td style=\"width: 31.7673%; height: 24px;\"><a href=\"http:\/\/www.caiferrara.it\/wp\/wp-content\/uploads\/2022\/04\/2022-04-21-Newletter-Loc-Cima-Trappola-scaled.jpg\"><strong>Cima Trappola \u2013 Alta Lessinia<\/strong><\/a><\/td>\n<td style=\"width: 10.9877%; height: 24px;\">12 aprile<\/td>\n<td style=\"width: 11.1578%; height: 24px;\"><a href=\"http:\/\/www.caiferrara.it\/wp\/gruppo-seniores-2022\/gruppo-seniores-2022-slideshow-cimatrappola\/\">slideshow\u00a0<\/a><\/td>\n<td style=\"width: 11.1578%; height: 24px;\">\u00a0<\/td>\n<\/tr>\n<tr style=\"height: 24px;\">\n<td style=\"width: 18.3166%; height: 24px;\"><strong>giov. 19 maggio<\/strong><\/td>\n<td style=\"width: 31.7673%; height: 24px;\"><a href=\"http:\/\/www.caiferrara.it\/wp\/wp-content\/uploads\/2022\/04\/2022-05-19-Email-Loc-Forra-del-Lupo-1-scaled.jpg\"><strong>Forra del lupo &#8211; Serrada TN<\/strong><\/a><\/td>\n<td style=\"width: 10.9877%; height: 24px;\">3 maggio<\/td>\n<td style=\"width: 11.1578%; height: 24px;\">\n<p><a href=\"http:\/\/www.caiferrara.it\/wp\/gruppo-seniores-2022\/gruppo-seniores-2022-slideshow-forradellupo\/\">slideshow<\/a><\/p>\n<p>&nbsp;<\/p>\n<\/td>\n<td style=\"width: 11.1578%; height: 24px;\"><a href=\"https:\/\/www.youtube.com\/watch?v=ZeGxLBheL30\">Giovanni video Forra\u00a0<\/a><\/td>\n<\/tr>\n<tr style=\"height: 24px;\">\n<td style=\"width: 18.3166%; height: 24px;\"><strong>giov. 16 giugno<\/strong><\/td>\n<td style=\"width: 31.7673%; height: 24px;\"><a href=\"http:\/\/www.caiferrara.it\/wp\/wp-content\/uploads\/2022\/05\/2022-06-16-News-Loc-Pian-delle-Fugazze-scaled.jpg\"><strong>Pian delle Fugazze &#8211; Ponte Avic &#8211; Tn<\/strong><\/a><\/td>\n<td style=\"width: 10.9877%; height: 24px;\">31 maggio<\/td>\n<td style=\"width: 11.1578%; height: 24px;\"><a href=\"http:\/\/www.caiferrara.it\/wp\/gruppo-seniores-2022\/gruppo-seniores-2022-slideshow-pianfugazze\/\">slideshow<\/a><\/td>\n<td style=\"width: 11.1578%; height: 24px;\"><a href=\"https:\/\/youtu.be\/_Wl2ra6VqMA\">Giovanni video Pian delle Fugazze<\/a><\/td>\n<\/tr>\n<tr style=\"height: 24px;\">\n<td style=\"width: 18.3166%; height: 24px;\"><strong>giov. 7 luglio<\/strong><\/td>\n<td style=\"width: 31.7673%; height: 24px;\"><a href=\"http:\/\/www.caiferrara.it\/wp\/wp-content\/uploads\/2022\/06\/2022-07-07-News-Anello-5-Torri-1-scaled.jpg\"><strong>5 Torri &#8211; Cortina &#8211; Dolomiti<\/strong><\/a><\/td>\n<td style=\"width: 10.9877%; height: 24px;\">21 giugno<\/td>\n<td style=\"width: 11.1578%; height: 24px;\"><a href=\"http:\/\/www.caiferrara.it\/wp\/gruppo-seniores-2022\/gruppo-seniores-2022-slideshow-5torri\/\">slideshow<\/a><\/td>\n<td style=\"width: 11.1578%; height: 24px;\"><a href=\"https:\/\/youtu.be\/f69CEXrUOlI\">Giovanni vide 5 Torri<\/a><\/td>\n<\/tr>\n<tr style=\"height: 24px;\">\n<td style=\"width: 18.3166%; height: 24px;\">\n<p><strong>giov. 8 settembre<\/strong><\/p>\n<p>rinviata a 11 settembre<\/p>\n<\/td>\n<td style=\"width: 31.7673%; height: 24px;\"><a href=\"http:\/\/www.caiferrara.it\/wp\/wp-content\/uploads\/2022\/07\/2022-09-08-News-Loc-Rifugio-Fonda-Savio-scaled.jpg\"><strong>Rifugio Fonda Savio &#8211; Dolomiti<\/strong><\/a><\/td>\n<td style=\"width: 10.9877%; height: 24px;\">23 agosto<\/td>\n<td style=\"width: 11.1578%; height: 24px;\"><a href=\"http:\/\/www.caiferrara.it\/wp\/gruppo-seniores-2022\/gruppo-seniores-2022-slideshow-rifugiofondasavio\/\">slideshow<\/a><\/td>\n<td style=\"width: 11.1578%; height: 24px;\">\u00a0<\/td>\n<\/tr>\n<tr style=\"height: 24px;\">\n<td style=\"width: 18.3166%; height: 24px;\">\n<p><strong>giov. 6 ottobre<\/strong><\/p>\n<\/td>\n<td style=\"width: 31.7673%; height: 24px;\"><a href=\"http:\/\/www.caiferrara.it\/wp\/wp-content\/uploads\/2022\/07\/2022-10-06-News-Loc-CIMA-LOBBIA-scaled.jpg\"><strong>Cima Lobbia &#8211; Prealpi Vicentine<\/strong><\/a><\/td>\n<td style=\"width: 10.9877%; height: 24px;\">20 settembre<\/td>\n<td style=\"width: 11.1578%; height: 24px;\"><a href=\"http:\/\/www.caiferrara.it\/wp\/gruppo-seniores-2022\/gruppo-seniores-2022-slideshow-cimalobbia\/\">slideshow<\/a><\/td>\n<td style=\"width: 11.1578%; height: 24px;\">\u00a0<\/td>\n<\/tr>\n<tr>\n<td style=\"width: 18.3166%;\">\n<p><strong>giov.20 ottobre<\/strong><\/p>\n<\/td>\n<td style=\"width: 31.7673%;\">\n<p><a href=\"http:\/\/www.caiferrara.it\/wp\/wp-content\/uploads\/2022\/09\/2022-10-20-Email-Malga-Casara-1-scaled.jpg\"><strong>Malga Casara &#8211; Lessinia\u00a0<\/strong><\/a><\/p>\n<p><a href=\"http:\/\/www.caiferrara.it\/wp\/wp-content\/uploads\/2022\/09\/2022-10-20-Email-Malga-Casara-1-scaled.jpg\"><strong>Pranzo a chiusura del 2022<\/strong><\/a><\/p>\n<\/td>\n<td style=\"width: 10.9877%;\">\u00a030 sett. &#8211; in sede 4 ottobre<\/td>\n<td style=\"width: 11.1578%;\"><a href=\"http:\/\/www.caiferrara.it\/wp\/gruppo-seniores-2022\/gruppo-seniores-2022-slideshow-malgacasara\/\">slideshow<\/a><\/td>\n<td style=\"width: 11.1578%;\">\u00a0<\/td>\n<\/tr>\n<\/tbody>\n<\/table>\n<p>&nbsp;<\/p>\n<p>Siamo stati a:<\/p>\n<p><strong>06 Ottobre 2022 Cima Lobbia &#8211; Prealpi Venete<\/strong><\/p>\n<p><a href=\"http:\/\/www.caiferrara.it\/wp\/wp-content\/uploads\/2022\/10\/2022-10-06-Cima-Lobbia1.jpg\"><img loading=\"lazy\" class=\"alignnone size-full wp-image-6949\" src=\"http:\/\/www.caiferrara.it\/wp\/wp-content\/uploads\/2022\/10\/2022-10-06-Cima-Lobbia1.jpg\" alt=\"\" width=\"1096\" height=\"501\" srcset=\"https:\/\/www.caiferrara.it\/wp\/wp-content\/uploads\/2022\/10\/2022-10-06-Cima-Lobbia1.jpg 1096w, https:\/\/www.caiferrara.it\/wp\/wp-content\/uploads\/2022\/10\/2022-10-06-Cima-Lobbia1-300x137.jpg 300w, https:\/\/www.caiferrara.it\/wp\/wp-content\/uploads\/2022\/10\/2022-10-06-Cima-Lobbia1-1024x468.jpg 1024w, https:\/\/www.caiferrara.it\/wp\/wp-content\/uploads\/2022\/10\/2022-10-06-Cima-Lobbia1-768x351.jpg 768w\" sizes=\"(max-width: 1096px) 100vw, 1096px\" \/><\/a><\/p>\n<p><strong>11 Settembre 2022 Rifugio Fonda Savio &#8211; Lago di Misurina<\/strong><\/p>\n<p><a href=\"http:\/\/www.caiferrara.it\/wp\/wp-content\/uploads\/2022\/09\/Rifugio-Fonda-Savio-11-09-2022-116a-scaled.jpg\"><img loading=\"lazy\" class=\"alignnone size-full wp-image-6852\" src=\"http:\/\/www.caiferrara.it\/wp\/wp-content\/uploads\/2022\/09\/Rifugio-Fonda-Savio-11-09-2022-116a-scaled.jpg\" alt=\"\" width=\"2560\" height=\"1707\" srcset=\"https:\/\/www.caiferrara.it\/wp\/wp-content\/uploads\/2022\/09\/Rifugio-Fonda-Savio-11-09-2022-116a-scaled.jpg 2560w, https:\/\/www.caiferrara.it\/wp\/wp-content\/uploads\/2022\/09\/Rifugio-Fonda-Savio-11-09-2022-116a-scaled-300x200.jpg 300w, https:\/\/www.caiferrara.it\/wp\/wp-content\/uploads\/2022\/09\/Rifugio-Fonda-Savio-11-09-2022-116a-scaled-1024x683.jpg 1024w, https:\/\/www.caiferrara.it\/wp\/wp-content\/uploads\/2022\/09\/Rifugio-Fonda-Savio-11-09-2022-116a-768x512.jpg 768w, https:\/\/www.caiferrara.it\/wp\/wp-content\/uploads\/2022\/09\/Rifugio-Fonda-Savio-11-09-2022-116a-scaled-1536x1024.jpg 1536w, https:\/\/www.caiferrara.it\/wp\/wp-content\/uploads\/2022\/09\/Rifugio-Fonda-Savio-11-09-2022-116a-scaled-2048x1366.jpg 2048w, https:\/\/www.caiferrara.it\/wp\/wp-content\/uploads\/2022\/09\/Rifugio-Fonda-Savio-11-09-2022-116a-scaled-1320x880.jpg 1320w\" sizes=\"(max-width: 2560px) 100vw, 2560px\" \/><\/a><\/p>\n<p><strong>7 Luglio 2022 Anello delle 5 Torri<\/strong><\/p>\n<p><a href=\"http:\/\/www.caiferrara.it\/wp\/wp-content\/uploads\/2022\/09\/P1160995-scaled.jpg\"><img loading=\"lazy\" class=\"alignnone size-full wp-image-6851\" src=\"http:\/\/www.caiferrara.it\/wp\/wp-content\/uploads\/2022\/09\/P1160995-scaled.jpg\" alt=\"\" width=\"2560\" height=\"1920\" srcset=\"https:\/\/www.caiferrara.it\/wp\/wp-content\/uploads\/2022\/09\/P1160995-scaled.jpg 2560w, https:\/\/www.caiferrara.it\/wp\/wp-content\/uploads\/2022\/09\/P1160995-scaled-300x225.jpg 300w, https:\/\/www.caiferrara.it\/wp\/wp-content\/uploads\/2022\/09\/P1160995-scaled-1024x768.jpg 1024w, https:\/\/www.caiferrara.it\/wp\/wp-content\/uploads\/2022\/09\/P1160995-768x576.jpg 768w, https:\/\/www.caiferrara.it\/wp\/wp-content\/uploads\/2022\/09\/P1160995-scaled-1536x1152.jpg 1536w, https:\/\/www.caiferrara.it\/wp\/wp-content\/uploads\/2022\/09\/P1160995-scaled-2048x1536.jpg 2048w, https:\/\/www.caiferrara.it\/wp\/wp-content\/uploads\/2022\/09\/P1160995-scaled-1320x990.jpg 1320w\" sizes=\"(max-width: 2560px) 100vw, 2560px\" \/><\/a><\/p>\n<p>&nbsp;<\/p>\n<p>&nbsp;<\/p>\n<p><strong>16 Giugno 2022 Pian delle Fugazze &#8211; Ponte Avis<\/strong><\/p>\n<p><a href=\"http:\/\/www.caiferrara.it\/wp\/wp-content\/uploads\/2022\/06\/27-1-scaled.jpg\"><img loading=\"lazy\" class=\"alignnone size-full wp-image-6568\" src=\"http:\/\/www.caiferrara.it\/wp\/wp-content\/uploads\/2022\/06\/27-1-scaled.jpg\" alt=\"\" width=\"2560\" height=\"1920\" srcset=\"https:\/\/www.caiferrara.it\/wp\/wp-content\/uploads\/2022\/06\/27-1-scaled.jpg 2560w, https:\/\/www.caiferrara.it\/wp\/wp-content\/uploads\/2022\/06\/27-1-scaled-300x225.jpg 300w, https:\/\/www.caiferrara.it\/wp\/wp-content\/uploads\/2022\/06\/27-1-scaled-1024x768.jpg 1024w, https:\/\/www.caiferrara.it\/wp\/wp-content\/uploads\/2022\/06\/27-1-768x576.jpg 768w, https:\/\/www.caiferrara.it\/wp\/wp-content\/uploads\/2022\/06\/27-1-scaled-1536x1152.jpg 1536w, https:\/\/www.caiferrara.it\/wp\/wp-content\/uploads\/2022\/06\/27-1-scaled-2048x1536.jpg 2048w, https:\/\/www.caiferrara.it\/wp\/wp-content\/uploads\/2022\/06\/27-1-scaled-1320x990.jpg 1320w\" sizes=\"(max-width: 2560px) 100vw, 2560px\" \/><\/a><\/p>\n<p><strong>19 Maggio 2022 Forra del Lupo &#8211; Forte Dosso delle Somme<\/strong><\/p>\n<p><a href=\"http:\/\/www.caiferrara.it\/wp\/wp-content\/uploads\/2022\/05\/P1160863-2-scaled.jpg\"><img loading=\"lazy\" class=\"alignnone size-full wp-image-6276\" src=\"http:\/\/www.caiferrara.it\/wp\/wp-content\/uploads\/2022\/05\/P1160863-2-scaled.jpg\" alt=\"\" width=\"2560\" height=\"1188\" srcset=\"https:\/\/www.caiferrara.it\/wp\/wp-content\/uploads\/2022\/05\/P1160863-2-scaled.jpg 2560w, https:\/\/www.caiferrara.it\/wp\/wp-content\/uploads\/2022\/05\/P1160863-2-scaled-300x139.jpg 300w, https:\/\/www.caiferrara.it\/wp\/wp-content\/uploads\/2022\/05\/P1160863-2-scaled-1024x475.jpg 1024w, https:\/\/www.caiferrara.it\/wp\/wp-content\/uploads\/2022\/05\/P1160863-2-768x356.jpg 768w, https:\/\/www.caiferrara.it\/wp\/wp-content\/uploads\/2022\/05\/P1160863-2-scaled-1536x713.jpg 1536w, https:\/\/www.caiferrara.it\/wp\/wp-content\/uploads\/2022\/05\/P1160863-2-scaled-2048x950.jpg 2048w, https:\/\/www.caiferrara.it\/wp\/wp-content\/uploads\/2022\/05\/P1160863-2-scaled-1320x613.jpg 1320w\" sizes=\"(max-width: 2560px) 100vw, 2560px\" \/><\/a><\/p>\n<p>&nbsp;<\/p>\n<p><strong>21 Aprile 2022 Cima Trappola<\/strong><\/p>\n<p><a href=\"http:\/\/www.caiferrara.it\/wp\/wp-content\/uploads\/2022\/05\/P1160504-2-scaled.jpg\"><img loading=\"lazy\" class=\"alignnone size-full wp-image-6277\" src=\"http:\/\/www.caiferrara.it\/wp\/wp-content\/uploads\/2022\/05\/P1160504-2-scaled.jpg\" alt=\"\" width=\"2560\" height=\"935\" srcset=\"https:\/\/www.caiferrara.it\/wp\/wp-content\/uploads\/2022\/05\/P1160504-2-scaled.jpg 2560w, https:\/\/www.caiferrara.it\/wp\/wp-content\/uploads\/2022\/05\/P1160504-2-scaled-300x110.jpg 300w, https:\/\/www.caiferrara.it\/wp\/wp-content\/uploads\/2022\/05\/P1160504-2-scaled-1024x374.jpg 1024w, https:\/\/www.caiferrara.it\/wp\/wp-content\/uploads\/2022\/05\/P1160504-2-768x280.jpg 768w, https:\/\/www.caiferrara.it\/wp\/wp-content\/uploads\/2022\/05\/P1160504-2-scaled-1536x561.jpg 1536w, https:\/\/www.caiferrara.it\/wp\/wp-content\/uploads\/2022\/05\/P1160504-2-scaled-2048x748.jpg 2048w, https:\/\/www.caiferrara.it\/wp\/wp-content\/uploads\/2022\/05\/P1160504-2-scaled-1320x482.jpg 1320w\" sizes=\"(max-width: 2560px) 100vw, 2560px\" \/><\/a><\/p>\n<p><a href=\"http:\/\/www.caiferrara.it\/wp\/wp-content\/uploads\/2022\/04\/2022-04-21Cima-Trappola.jpg\"><img loading=\"lazy\" class=\"alignnone size-full wp-image-5936\" src=\"http:\/\/www.caiferrara.it\/wp\/wp-content\/uploads\/2022\/04\/2022-04-21Cima-Trappola.jpg\" alt=\"\" width=\"1095\" height=\"503\" srcset=\"https:\/\/www.caiferrara.it\/wp\/wp-content\/uploads\/2022\/04\/2022-04-21Cima-Trappola.jpg 1095w, https:\/\/www.caiferrara.it\/wp\/wp-content\/uploads\/2022\/04\/2022-04-21Cima-Trappola-300x138.jpg 300w, https:\/\/www.caiferrara.it\/wp\/wp-content\/uploads\/2022\/04\/2022-04-21Cima-Trappola-1024x470.jpg 1024w, https:\/\/www.caiferrara.it\/wp\/wp-content\/uploads\/2022\/04\/2022-04-21Cima-Trappola-768x353.jpg 768w\" sizes=\"(max-width: 1095px) 100vw, 1095px\" \/><\/a><\/p>\n<p><strong>10 Marzo 2022 Ciaspolata alla Malga Juribello Passo Rolle<\/strong><\/p>\n<p><a href=\"http:\/\/www.caiferrara.it\/wp\/wp-content\/uploads\/2022\/03\/2022-03-10-Passo-Rolle-S.jpg\"><img loading=\"lazy\" class=\"alignnone size-full wp-image-5706\" src=\"http:\/\/www.caiferrara.it\/wp\/wp-content\/uploads\/2022\/03\/2022-03-10-Passo-Rolle-S.jpg\" alt=\"\" width=\"1037\" height=\"501\" srcset=\"https:\/\/www.caiferrara.it\/wp\/wp-content\/uploads\/2022\/03\/2022-03-10-Passo-Rolle-S.jpg 1037w, https:\/\/www.caiferrara.it\/wp\/wp-content\/uploads\/2022\/03\/2022-03-10-Passo-Rolle-S-300x145.jpg 300w, https:\/\/www.caiferrara.it\/wp\/wp-content\/uploads\/2022\/03\/2022-03-10-Passo-Rolle-S-1024x495.jpg 1024w, https:\/\/www.caiferrara.it\/wp\/wp-content\/uploads\/2022\/03\/2022-03-10-Passo-Rolle-S-768x371.jpg 768w\" sizes=\"(max-width: 1037px) 100vw, 1037px\" \/><\/a><\/p>\n","protected":false},"excerpt":{"rendered":"<p>Il Gruppo Seniores sono quelli del gioved\u00ec, cos\u00ec ci chiamiamo fra di noi&#8230;quelli che possono fare una escursione fra settimana, quelli che si prendono un giorno di ferie di gioved\u00ec, quelli a cui piace la tranquillit\u00e0 e posti meno affollati, quelli a cui piace la compagnia e le battute non mancano&#8230;cos\u00ec siamo noi, quelli del [&hellip;]<\/p>\n","protected":false},"author":13,"featured_media":0,"parent":0,"menu_order":0,"comment_status":"closed","ping_status":"closed","template":"","meta":[],"_links":{"self":[{"href":"https:\/\/www.caiferrara.it\/wp\/wp-json\/wp\/v2\/pages\/5890"}],"collection":[{"href":"https:\/\/www.caiferrara.it\/wp\/wp-json\/wp\/v2\/pages"}],"about":[{"href":"https:\/\/www.caiferrara.it\/wp\/wp-json\/wp\/v2\/types\/page"}],"author":[{"embeddable":true,"href":"https:\/\/www.caiferrara.it\/wp\/wp-json\/wp\/v2\/users\/13"}],"replies":[{"embeddable":true,"href":"https:\/\/www.caiferrara.it\/wp\/wp-json\/wp\/v2\/comments?post=5890"}],"version-history":[{"count":77,"href":"https:\/\/www.caiferrara.it\/wp\/wp-json\/wp\/v2\/pages\/5890\/revisions"}],"predecessor-version":[{"id":7601,"href":"https:\/\/www.caiferrara.it\/wp\/wp-json\/wp\/v2\/pages\/5890\/revisions\/7601"}],"wp:attachment":[{"href":"https:\/\/www.caiferrara.it\/wp\/wp-json\/wp\/v2\/media?parent=5890"}],"curies":[{"name":"wp","href":"https:\/\/api.w.org\/{rel}","templated":true}]}}