{"id":12987,"date":"2026-02-05T10:16:38","date_gmt":"2026-02-05T09:16:38","guid":{"rendered":"https:\/\/www.caiferrara.it\/wp\/?page_id=12987"},"modified":"2026-03-10T08:12:31","modified_gmt":"2026-03-10T07:12:31","slug":"gruppo-seniores-2026","status":"publish","type":"page","link":"https:\/\/www.caiferrara.it\/wp\/gruppo-seniores-2026\/","title":{"rendered":"Gruppo Seniores 2026"},"content":{"rendered":"<p><em>Il Gruppo Seniores sono quelli del gioved\u00ec, cos\u00ec ci chiamiamo fra di noi&#8230;quelli che possono fare una escursione fra settimana, quelli che si prendono un giorno di ferie di gioved\u00ec, quelli a cui piace la tranquillit\u00e0 e posti meno affollati, quelli a cui piace la compagnia e le battute non mancano&#8230;cos\u00ec siamo noi, quelli del gioved\u00ec.<\/em><\/p>\n<p><img loading=\"lazy\" class=\"alignnone size-full wp-image-12996\" src=\"https:\/\/www.caiferrara.it\/wp\/wp-content\/uploads\/2026\/02\/2025-10-17-Campolongo3.jpg\" alt=\"\" width=\"1095\" height=\"501\" srcset=\"https:\/\/www.caiferrara.it\/wp\/wp-content\/uploads\/2026\/02\/2025-10-17-Campolongo3.jpg 1095w, https:\/\/www.caiferrara.it\/wp\/wp-content\/uploads\/2026\/02\/2025-10-17-Campolongo3-300x137.jpg 300w, https:\/\/www.caiferrara.it\/wp\/wp-content\/uploads\/2026\/02\/2025-10-17-Campolongo3-1024x469.jpg 1024w, https:\/\/www.caiferrara.it\/wp\/wp-content\/uploads\/2026\/02\/2025-10-17-Campolongo3-768x351.jpg 768w\" sizes=\"(max-width: 1095px) 100vw, 1095px\" \/><\/p>\n<h2 style=\"text-align: center;\"><img loading=\"lazy\" class=\"alignnone size-medium wp-image-9687\" src=\"https:\/\/www.caiferrara.it\/wp\/wp-content\/uploads\/2023\/11\/2023-10-26-Monte-Cengio-31-300x290.jpg\" alt=\"\" width=\"300\" height=\"290\" srcset=\"https:\/\/www.caiferrara.it\/wp\/wp-content\/uploads\/2023\/11\/2023-10-26-Monte-Cengio-31-300x290.jpg 300w, https:\/\/www.caiferrara.it\/wp\/wp-content\/uploads\/2023\/11\/2023-10-26-Monte-Cengio-31-1024x989.jpg 1024w, https:\/\/www.caiferrara.it\/wp\/wp-content\/uploads\/2023\/11\/2023-10-26-Monte-Cengio-31-768x741.jpg 768w, https:\/\/www.caiferrara.it\/wp\/wp-content\/uploads\/2023\/11\/2023-10-26-Monte-Cengio-31-1536x1483.jpg 1536w, https:\/\/www.caiferrara.it\/wp\/wp-content\/uploads\/2023\/11\/2023-10-26-Monte-Cengio-31-1320x1274.jpg 1320w, https:\/\/www.caiferrara.it\/wp\/wp-content\/uploads\/2023\/11\/2023-10-26-Monte-Cengio-31.jpg 2048w\" sizes=\"(max-width: 300px) 100vw, 300px\" \/><\/h2>\n<table style=\"width: 100%; height: 699px;\">\n<tbody>\n<tr style=\"height: 65px;\">\n<td style=\"width: 16.9127%; background-color: #649bfa; height: 65px; border-color: #000000;\"><strong>2026<\/strong><\/td>\n<td style=\"width: 44.6417%; background-color: #649bfa; height: 65px; border-color: #000000;\"><strong>Programma &#8211; locandina<\/strong><\/td>\n<td style=\"width: 14.2032%; text-align: center; background-color: #649bfa; height: 65px; border-color: #000000;\">iscrizioni<\/td>\n<td style=\"width: 11.0303%; text-align: center; background-color: #649bfa; height: 65px; border-color: #000000;\">foto<\/td>\n<td style=\"width: 11.6364%; background-color: #649bfa; height: 65px; border-color: #000000;\">\u00a0<\/td>\n<\/tr>\n<tr style=\"height: 48px;\">\n<td style=\"width: 16.9127%; background-color: #e0e0e0; height: 67px;\">venerd\u00ec 27 febbraio<\/td>\n<td style=\"width: 44.6417%; background-color: #e0e0e0; height: 67px;\">\u00a0<a href=\"https:\/\/www.caiferrara.it\/wp\/wp-content\/uploads\/2026\/01\/2026-02-27-1-Rif-Campogrosso.jpg\">ciaspolata Rifugio Campolongo, sulle nevi delle Piccole Dolomiti<\/a><\/td>\n<td style=\"width: 14.2032%; background-color: #e0e0e0; height: 67px; text-align: center;\">10 febbraio<\/td>\n<td style=\"width: 11.0303%; background-color: #e0e0e0; height: 67px; text-align: center;\">\u00a0<\/td>\n<td style=\"width: 11.6364%; background-color: #e0e0e0; height: 67px;\">\u00a0<\/td>\n<\/tr>\n<tr style=\"height: 80px;\">\n<td style=\"width: 16.9127%; height: 80px;\">gioved\u00ec 16 aprile<\/td>\n<td style=\"width: 44.6417%; height: 80px;\">\n<p style=\"text-align: left;\"><a href=\"https:\/\/www.caiferrara.it\/wp\/wp-content\/uploads\/2026\/03\/2026-04-16-Via-di-Stilicone.jpg\">Via di Stilicone &#8211; Via degli Dei, da Bivigliano a Fiesole<\/a><\/p>\n<\/td>\n<td style=\"width: 14.2032%; height: 80px; text-align: center;\">31 marzo<\/td>\n<td style=\"width: 11.0303%; height: 80px; text-align: center;\">\u00a0<\/td>\n<td style=\"width: 11.6364%; height: 80px;\">\u00a0<\/td>\n<\/tr>\n<tr style=\"height: 20ptx;\">\n<td style=\"width: 16.9127%; height: 45px;\">\n<p>gioved\u00ec 14 marzo<\/p>\n<\/td>\n<td style=\"width: 44.6417%; height: 45px;\">\n<p style=\"text-align: left;\">Rifugio Castelberto 1765 m<\/p>\n<\/td>\n<td style=\"width: 14.2032%; height: 45px; text-align: center;\">28 aprile<\/td>\n<td style=\"width: 11.0303%; height: 45px; text-align: center;\">\u00a0<\/td>\n<td style=\"width: 11.6364%; height: 45px;\">\u00a0<\/td>\n<\/tr>\n<tr style=\"height: 20ptx;\">\n<td style=\"width: 16.9127%; background-color: #e0e0e0; height: 55px;\">VENERD\u00ec 12 giugno<\/td>\n<td style=\"width: 44.6417%; background-color: #e0e0e0; height: 55px;\">Altissimo di Nago 2078 m<\/td>\n<td style=\"width: 14.2032%; background-color: #e0e0e0; height: 55px; text-align: center;\">\n<p>26 maggio<\/p>\n<\/td>\n<td style=\"width: 11.0303%; background-color: #e0e0e0; height: 55px; text-align: center;\">\u00a0<\/td>\n<td style=\"width: 11.6364%; background-color: #e0e0e0; height: 55px;\">\u00a0<\/td>\n<\/tr>\n<tr style=\"height: 48px;\">\n<td style=\"width: 16.9127%; height: 77px;\">gioved\u00ec 2 luglio<\/td>\n<td style=\"width: 44.6417%; height: 77px;\">Sella e Bivacco Sief 2262 m<\/td>\n<td style=\"width: 14.2032%; height: 77px; text-align: center;\">16 giugno<\/td>\n<td style=\"width: 11.0303%; height: 77px; text-align: center;\">\u00a0<\/td>\n<td style=\"width: 11.6364%; height: 77px;\">\u00a0<\/td>\n<\/tr>\n<tr style=\"height: 48px;\">\n<td style=\"width: 16.9127%; background-color: #e0e0e0; height: 66px;\">gioved\u00ec 10 settembre<\/td>\n<td style=\"width: 44.6417%; background-color: #e0e0e0; height: 66px;\">\n<p>Lago Calaita e laghetto Pisorno<\/p>\n<\/td>\n<td style=\"width: 14.2032%; background-color: #e0e0e0; height: 66px; text-align: center;\">25 agosto<\/td>\n<td style=\"width: 11.0303%; background-color: #e0e0e0; height: 66px; text-align: center;\">\u00a0<\/td>\n<td style=\"width: 11.6364%; background-color: #e0e0e0; height: 66px;\">\u00a0<\/td>\n<\/tr>\n<tr style=\"height: 48px;\">\n<td style=\"width: 16.9127%; height: 69px;\">\n<p>venerd\u00ec 16 ottobre<\/p>\n<\/td>\n<td style=\"width: 44.6417%; height: 69px;\">\n<p>uscita finale da definire<\/p>\n<\/td>\n<td style=\"width: 14.2032%; height: 69px; text-align: center;\">29 settembre<\/td>\n<td style=\"width: 11.0303%; height: 69px;\">\u00a0<\/td>\n<td style=\"width: 11.6364%; height: 69px;\">\u00a0<\/td>\n<\/tr>\n<tr style=\"height: 24px;\">\n<td style=\"width: 16.9127%; background-color: #e0e0e0; height: 78px;\"><strong>\u00a0<\/strong><\/td>\n<td style=\"width: 44.6417%; background-color: #e0e0e0; height: 78px;\">\u00a0<\/td>\n<td style=\"width: 14.2032%; background-color: #e0e0e0; height: 78px; text-align: center;\">\u00a0<\/td>\n<td style=\"width: 11.0303%; background-color: #e0e0e0; height: 78px; text-align: center;\">\u00a0<\/td>\n<td style=\"width: 11.6364%; background-color: #e0e0e0; height: 78px;\">\u00a0<\/td>\n<\/tr>\n<tr style=\"height: 73px;\">\n<td style=\"width: 16.9127%; height: 73px;\"><strong>\u00a0<\/strong><\/td>\n<td style=\"width: 44.6417%; height: 73px;\">\u00a0<\/td>\n<td style=\"width: 14.2032%; height: 73px; text-align: center;\">\u00a0<\/td>\n<td style=\"width: 11.0303%; height: 73px; text-align: center;\">\u00a0<\/td>\n<td style=\"width: 11.6364%; height: 73px;\">\u00a0<\/td>\n<\/tr>\n<tr style=\"height: 24px;\">\n<td style=\"width: 16.9127%; height: 24px;\">\u00a0<\/td>\n<td style=\"width: 44.6417%; height: 24px;\">\u00a0<\/td>\n<td style=\"width: 14.2032%; height: 24px; text-align: center;\">\u00a0<\/td>\n<td style=\"width: 11.0303%; height: 24px;\">\u00a0<\/td>\n<td style=\"width: 11.6364%; height: 24px;\">\u00a0<\/td>\n<\/tr>\n<\/tbody>\n<\/table>\n<p>&nbsp;<\/p>\n<table style=\"border-collapse: collapse; width: 100.157%; height: 65px;\">\n<tbody>\n<tr style=\"height: 66px;\">\n<td style=\"width: 20%; height: 66px;\">\n<h4><strong><a href=\"https:\/\/www.caiferrara.it\/wp\/gruppo-seniores-2022\/\">Storia 2022<\/a><\/strong><\/h4>\n<\/td>\n<td style=\"width: 20%; height: 66px;\">\n<h4><strong><a href=\"https:\/\/www.caiferrara.it\/wp\/gruppo-seniores-2023\/\">Storia 2023<\/a><\/strong><\/h4>\n<\/td>\n<td style=\"width: 20%; height: 66px;\">\n<h4><a href=\"https:\/\/www.caiferrara.it\/wp\/gruppo-seniores-2024\/\"><strong>Storia 2024<\/strong><\/a><\/h4>\n<\/td>\n<td style=\"width: 20%; height: 66px;\">\n<h4><a href=\"https:\/\/www.caiferrara.it\/wp\/gruppo-seniores-2025\/\">Storia <strong>2025<\/strong><\/a><\/h4>\n<\/td>\n<td style=\"width: 20%; height: 66px;\">\u00a0<\/td>\n<\/tr>\n<\/tbody>\n<\/table>\n<p>Siamo stati a:<\/p>\n<p>&nbsp;<\/p>\n<p>&nbsp;<\/p>\n<p>&nbsp;<\/p>\n","protected":false},"excerpt":{"rendered":"<p>Il Gruppo Seniores sono quelli del gioved\u00ec, cos\u00ec ci chiamiamo fra di noi&#8230;quelli che possono fare una escursione fra settimana, quelli che si prendono un giorno di ferie di gioved\u00ec, quelli a cui piace la tranquillit\u00e0 e posti meno affollati, quelli a cui piace la compagnia e le battute non mancano&#8230;cos\u00ec siamo noi, quelli del [&hellip;]<\/p>\n","protected":false},"author":13,"featured_media":0,"parent":0,"menu_order":0,"comment_status":"closed","ping_status":"closed","template":"","meta":[],"_links":{"self":[{"href":"https:\/\/www.caiferrara.it\/wp\/wp-json\/wp\/v2\/pages\/12987"}],"collection":[{"href":"https:\/\/www.caiferrara.it\/wp\/wp-json\/wp\/v2\/pages"}],"about":[{"href":"https:\/\/www.caiferrara.it\/wp\/wp-json\/wp\/v2\/types\/page"}],"author":[{"embeddable":true,"href":"https:\/\/www.caiferrara.it\/wp\/wp-json\/wp\/v2\/users\/13"}],"replies":[{"embeddable":true,"href":"https:\/\/www.caiferrara.it\/wp\/wp-json\/wp\/v2\/comments?post=12987"}],"version-history":[{"count":10,"href":"https:\/\/www.caiferrara.it\/wp\/wp-json\/wp\/v2\/pages\/12987\/revisions"}],"predecessor-version":[{"id":13105,"href":"https:\/\/www.caiferrara.it\/wp\/wp-json\/wp\/v2\/pages\/12987\/revisions\/13105"}],"wp:attachment":[{"href":"https:\/\/www.caiferrara.it\/wp\/wp-json\/wp\/v2\/media?parent=12987"}],"curies":[{"name":"wp","href":"https:\/\/api.w.org\/{rel}","templated":true}]}}